{"id":83,"date":"2025-05-13T20:47:56","date_gmt":"2025-05-13T20:47:56","guid":{"rendered":"https:\/\/bibliotekank.me\/?page_id=83"},"modified":"2025-05-27T19:41:09","modified_gmt":"2025-05-27T19:41:09","slug":"o-nama","status":"publish","type":"page","link":"https:\/\/bibliotekank.me\/?page_id=83","title":{"rendered":"O nama"},"content":{"rendered":"<p>[et_pb_section fb_built=&#8221;1&#8243; admin_label=&#8221;Header&#8221; _builder_version=&#8221;4.27.4&#8243; background_color=&#8221;#e0d8c8&#8243; hover_enabled=&#8221;0&#8243; saved_tabs=&#8221;all&#8221; locked=&#8221;off&#8221; global_colors_info=&#8221;{}&#8221; custom_padding_last_edited=&#8221;on|phone&#8221; sticky_enabled=&#8221;0&#8243; custom_padding_phone=&#8221;10px||10px||true|false&#8221;][et_pb_row column_structure=&#8221;1_2,1_2&#8243; make_equal=&#8221;on&#8221; _builder_version=&#8221;4.27.4&#8243; global_colors_info=&#8221;{}&#8221;][et_pb_column type=&#8221;1_2&#8243; _builder_version=&#8221;4.16&#8243; global_colors_info=&#8221;{}&#8221;][et_pb_text _builder_version=&#8221;4.27.4&#8243; text_font=&#8221;||||||||&#8221; text_font_size=&#8221;16px&#8221; text_line_height=&#8221;2em&#8221; header_font=&#8221;Abril Fatface||||||||&#8221; header_font_size=&#8221;80px&#8221; header_line_height=&#8221;0.9em&#8221; header_2_font=&#8221;Abril Fatface||||||||&#8221; header_2_font_size=&#8221;41px&#8221; header_2_line_height=&#8221;1.1em&#8221; max_width=&#8221;640px&#8221; custom_padding=&#8221;70px||||false|false&#8221; hover_enabled=&#8221;0&#8243; text_font_size_tablet=&#8221;&#8221; text_font_size_phone=&#8221;14px&#8221; text_font_size_last_edited=&#8221;on|desktop&#8221; text_line_height_tablet=&#8221;&#8221; text_line_height_phone=&#8221;1.6em&#8221; text_line_height_last_edited=&#8221;on|desktop&#8221; header_font_size_tablet=&#8221;54px&#8221; header_font_size_phone=&#8221;34px&#8221; header_font_size_last_edited=&#8221;on|phone&#8221; header_2_font_size_tablet=&#8221;36px&#8221; header_2_font_size_phone=&#8221;24px&#8221; header_2_font_size_last_edited=&#8221;on|phone&#8221; locked=&#8221;off&#8221; global_colors_info=&#8221;{}&#8221; custom_padding_last_edited=&#8221;on|tablet&#8221; sticky_enabled=&#8221;0&#8243; custom_padding_phone=&#8221;0px||0px||true|false&#8221; custom_padding_tablet=&#8221;0px||0px||true|false&#8221;]<\/p>\n<h1>O nama<\/h1>\n<p>[\/et_pb_text][\/et_pb_column][et_pb_column type=&#8221;1_2&#8243; _builder_version=&#8221;4.27.4&#8243; background_image=&#8221;https:\/\/bibliotekank.me\/wp-content\/uploads\/2025\/05\/library-07-1.jpg&#8221; custom_padding=&#8221;120px||120px||true|false&#8221; global_colors_info=&#8221;{}&#8221;][et_pb_divider show_divider=&#8221;off&#8221; _builder_version=&#8221;4.27.4&#8243; height_tablet=&#8221;300px&#8221; height_phone=&#8221;200px&#8221; height_last_edited=&#8221;on|desktop&#8221; global_colors_info=&#8221;{}&#8221;][\/et_pb_divider][\/et_pb_column][\/et_pb_row][\/et_pb_section][et_pb_section fb_built=&#8221;1&#8243; admin_label=&#8221;Mission&#8221; _builder_version=&#8221;4.27.4&#8243; background_color=&#8221;#eeeeee&#8221; global_colors_info=&#8221;{}&#8221;][et_pb_row _builder_version=&#8221;4.16&#8243; global_colors_info=&#8221;{}&#8221;][et_pb_column type=&#8221;4_4&#8243; _builder_version=&#8221;4.16&#8243; global_colors_info=&#8221;{}&#8221;][et_pb_text _builder_version=&#8221;4.27.4&#8243; text_line_height=&#8221;2em&#8221; header_3_font=&#8221;Abril Fatface||||||||&#8221; header_3_font_size=&#8221;38px&#8221; header_3_line_height=&#8221;1.1em&#8221; header_3_font_size_tablet=&#8221;28px&#8221; header_3_font_size_phone=&#8221;18px&#8221; header_3_font_size_last_edited=&#8221;on|phone&#8221; locked=&#8221;off&#8221; global_colors_info=&#8221;{}&#8221;]<\/p>\n<div><span>Na\u0161a biblioteka je savremena kulturna ustanova posve\u0107ena znanju, obrazovanju i njegovanju \u010ditala\u010dke kulture. Svojim korisnicima nudimo bogat fond knjiga, periodike, kao i raznovrstan program obrazovnih i kulturnih aktivnosti.<\/span><\/div>\n<div>Pored osnovne bibliote\u010dke delatnosti, kontinuirano radimo na modernizaciji usluga, unapre\u0111enju prostora i uvo\u0111enju inovativnih tehnologija. Cilj nam je da biblioteka bude pristupa\u010dno, otvoreno i inspirativno mjesto za sve \u2013 bez obzira na uzrast, obrazovanje ili interesovanja.<\/div>\n<div>Kao dinami\u010dan centar zajednice, trudimo se da podr\u017eimo cjelo\u017eivotno u\u010denje, kreativnost i razmjenu znanja. Na\u0161a misija je da svima omogu\u0107imo jednak pristup informacijama i kulturnim sadr\u017eajima, u skladu s potrebama savremenog dru\u0161tva.<\/div>\n<p>[\/et_pb_text][\/et_pb_column][\/et_pb_row][et_pb_row _builder_version=&#8221;4.27.4&#8243; _module_preset=&#8221;default&#8221; global_colors_info=&#8221;{}&#8221;][et_pb_column type=&#8221;4_4&#8243; _builder_version=&#8221;4.27.4&#8243; _module_preset=&#8221;default&#8221; global_colors_info=&#8221;{}&#8221;][et_pb_image src=&#8221;https:\/\/bibliotekank.me\/wp-content\/uploads\/2025\/05\/Biblioteka-Njegos.jpg&#8221; title_text=&#8221;Biblioteka Njegos&#8221; _builder_version=&#8221;4.27.4&#8243; _module_preset=&#8221;default&#8221; global_colors_info=&#8221;{}&#8221;][\/et_pb_image][\/et_pb_column][\/et_pb_row][et_pb_row column_structure=&#8221;1_2,1_2&#8243; _builder_version=&#8221;4.16&#8243; global_colors_info=&#8221;{}&#8221;][et_pb_column type=&#8221;1_2&#8243; _builder_version=&#8221;4.16&#8243; global_colors_info=&#8221;{}&#8221;][et_pb_text _builder_version=&#8221;4.27.4&#8243; text_line_height=&#8221;2em&#8221; header_3_font=&#8221;Abril Fatface||||||||&#8221; header_3_font_size=&#8221;38px&#8221; header_3_line_height=&#8221;1.1em&#8221; max_width=&#8221;800px&#8221; header_3_font_size_tablet=&#8221;28px&#8221; header_3_font_size_phone=&#8221;18px&#8221; header_3_font_size_last_edited=&#8221;on|phone&#8221; locked=&#8221;off&#8221; global_colors_info=&#8221;{}&#8221;]<\/p>\n<h3>Istorijat: Od 1881. godine<\/h3>\n<p class=\"western\">Istorija JU Narodna biblioteka \u201eNjego\u0161\u201c Nik\u0161i\u0107 otpo\u010dinje osnivanjem Dru\u0161tva nik\u0161i\u0107ke \u010ditaonice 1881. godine. Dru\u0161tvo prestaje sa radom uo\u010di Prvog svjetskog rata, a uspon bibliote\u010dke djelatnosti u Nik\u0161i\u0107u u vezi je sa poslijeratnim razvojem \u0161kolstva. Nik\u0161i\u0107ka op\u0161tina je 1919. godina imala 29 osnovnih \u0161kola, Gimnaziju i Zanatsku \u0161kolu. Gimnazijska biblioteka bila je podijeljena na nastavni\u010dku, \u0111a\u010dku i biblioteku \u0111a\u010dke dru\u017eine \u201eBudu\u0107nost\u201c. Sva odjeljenja zajedno imala su 3479 knjiga. Kao svojevrsna gradska bibliot&#8230;<\/p>\n<p class=\"western\">Gradska biblioteka \u201eNjego\u0161\u201c po\u010dinje sa radom nakon oslobo\u0111enja Nik\u0161i\u0107a u oktobru 1944. godine. Nastavila je bogatu tradiciju Dru\u0161tva nik\u0161i\u0107ke \u010ditaonice. Nakon rata je imala 4000 knjiga, a da bi ve\u0107 50-ih godina njen knji\u017eni fond brojao oko 10000 naslova. \u010cesto se mijenjao i njen status i njena lokacija.<\/p>\n<p class=\"western\">1959. godine \u2013 Biblioteka dobija nove prostorije sa depoom i \u010ditaonicom koja je imala 40 sjedi\u0161ta.<\/p>\n<p class=\"western\">1965. godine \u2013 Biblioteka gubi samostalnost postav\u0161i dijelom novoformirane Zajednice kulturnih ustanova. U tom trenutku Biblioteka ima 22000 naslova.<\/p>\n<p class=\"western\">1975. godine \u2013 Formira se Centar za kulturu Nik\u0161i\u0107 i Biblioteka ponovo mijenja status udru\u017euju\u0107i se sa Arhivom.<\/p>\n<p class=\"western\">1981. godine \u2013 Biblioteka se seli u prostorije Dvorca, a tada\u0161nji knji\u017eni fond broji oko 45000 naslova.<\/p>\n<p class=\"western\">2015. godine \u2013 Na sjednici odr\u017eanoj 16. oktobra, SO Nik\u0161i\u0107 je donijela odluku o osnivanju JU Narodna biblioteka \u201eNjego\u0161\u201c. Istog dana kada je Bibloteka ponovo dobila samostalnost, otvorena je prva Dje\u010dija \u010ditaonica u Crnoj Gori koja funkcioni\u0161e u okviru Narodne biblioteke.<\/p>\n<p class=\"western\">2019. godine \u2013 Nakon ta\u010dno \u010detiri godine od usvajanja Odluke kojom je osnovana Biblioteka, dodjeljuje joj se Gradska ku\u0107a u Parku, gdje je smje\u0161teno Odjeljenje za djecu.<\/p>\n<p class=\"western\">2021. godine \u2013 Odjeljenje za odrasle seli se iz Dvorca u prostor koji se nalazi u \u201eprofesorskoj zgradi\u201c u kvartu iza Bolnice. Naredne godine \u0107e se u istim prostorijama formirati i \u010ditaonica. Biblioteka u ovom periodu raspola\u017ee knji\u017enim fondom od preko 50000 naslova.<\/p>\n<p>[\/et_pb_text][\/et_pb_column][et_pb_column type=&#8221;1_2&#8243; _builder_version=&#8221;4.16&#8243; global_colors_info=&#8221;{}&#8221;][et_pb_text _builder_version=&#8221;4.27.4&#8243; text_line_height=&#8221;2em&#8221; header_3_font=&#8221;Abril Fatface||||||||&#8221; header_3_font_size=&#8221;38px&#8221; header_3_line_height=&#8221;1.1em&#8221; max_width=&#8221;800px&#8221; header_3_font_size_tablet=&#8221;28px&#8221; header_3_font_size_phone=&#8221;18px&#8221; header_3_font_size_last_edited=&#8221;on|phone&#8221; locked=&#8221;off&#8221; global_colors_info=&#8221;{}&#8221;]<\/p>\n<h3>Misija i vizija:<\/h3>\n<p class=\"western\">Biblioteka vr\u0161i djelatnost koja je zakonski prepoznata kao djelatnost od javnog interesa. Javni interes se naro\u010dito ostvaruje razvojem dru\u0161tva znanja, popunjavanjem bibliote\u010dkog fonda odgovaraju\u0107om bibliote\u010dkom gra\u0111om u skladu s potrebama korisnika, razvojem bibliote\u010dkog informacionog sistema, za\u0161titom bibliote\u010dke gra\u0111e na svim nosiocima informacija i slobodnim pristupom bibliote\u010dkim informacijama, gra\u0111i, uslugama, servisima i drugim resursima, u skladu sa pravom korisnika na slobodan izvor informacija i protok ideja.<\/p>\n<p class=\"western\">\n<p class=\"western\">Misija JU Narodna biblioteka \u201eNjego\u0161\u201c Nik\u0161i\u0107 bi\u0107e usmjerena na njenu ulogu centralnog pohranitelja znanja, sto\u017eera kulturnog \u017eivota grada i stjeci\u0161ta dru\u0161tvenog okupljanja. Osnovne komponente misije Biblioteke su:<\/p>\n<p class=\"western\">\u2022 Dostupnost<\/p>\n<p class=\"western\">\u2022 Obrazovanje i cjelo\u017eivotno u\u010denje<\/p>\n<p class=\"western\">\u2022 Kulturni \u017eivot i zajednica<\/p>\n<p class=\"western\">\u2022 Inkluzivnost i ravnopravnost<\/p>\n<p class=\"western\">\u2022 Digitalizacija i inovacija<\/p>\n<p>[\/et_pb_text][\/et_pb_column][\/et_pb_row][\/et_pb_section][et_pb_section fb_built=&#8221;1&#8243; admin_label=&#8221;Footer&#8221; _builder_version=&#8221;4.16&#8243; background_color=&#8221;rgba(0,0,0,0.07)&#8221; custom_margin=&#8221;40px|40px|40px|40px|true|true&#8221; global_module=&#8221;188&#8243; saved_tabs=&#8221;all&#8221; global_colors_info=&#8221;{}&#8221;][et_pb_row column_structure=&#8221;1_4,1_4,1_4,1_4&#8243; use_custom_gutter=&#8221;on&#8221; gutter_width=&#8221;2&#8243; _builder_version=&#8221;4.16&#8243; width=&#8221;90%&#8221; global_colors_info=&#8221;{}&#8221;][et_pb_column type=&#8221;1_4&#8243; _builder_version=&#8221;4.16&#8243; global_colors_info=&#8221;{}&#8221;][et_pb_text admin_label=&#8221;Text&#8221; _builder_version=&#8221;4.27.4&#8243; text_font=&#8221;||||||||&#8221; text_line_height=&#8221;2em&#8221; link_font=&#8221;||||on||||&#8221; link_text_color=&#8221;#000000&#8243; header_3_font=&#8221;|700||on|||||&#8221; header_3_font_size=&#8221;13px&#8221; header_3_letter_spacing=&#8221;1px&#8221; header_3_line_height=&#8221;1.5em&#8221; header_4_font=&#8221;|700||on|||||&#8221; header_4_font_size=&#8221;13px&#8221; header_4_letter_spacing=&#8221;1px&#8221; header_4_line_height=&#8221;1.5em&#8221; max_width=&#8221;800px&#8221; text_line_height_tablet=&#8221;&#8221; text_line_height_phone=&#8221;1.6em&#8221; text_line_height_last_edited=&#8221;on|phone&#8221; header_3_font_size_tablet=&#8221;16px&#8221; header_3_font_size_phone=&#8221;14px&#8221; header_3_font_size_last_edited=&#8221;off|desktop&#8221; header_4_font_size_tablet=&#8221;16px&#8221; header_4_font_size_phone=&#8221;14px&#8221; header_4_font_size_last_edited=&#8221;off|desktop&#8221; locked=&#8221;off&#8221; global_colors_info=&#8221;{}&#8221;]<\/p>\n<h3>Adresa<\/h3>\n<p>Trg \u0160aka Petrovi\u0107a 1<br \/>Nik\u0161i\u0107, 81400<br \/><a href=\"https:\/\/maps.app.goo.gl\/auQ92xLHu9tJd6Wn7\">Kako do nas?<\/a><\/p>\n<p>[\/et_pb_text][\/et_pb_column][et_pb_column type=&#8221;1_4&#8243; _builder_version=&#8221;4.16&#8243; global_colors_info=&#8221;{}&#8221;][et_pb_text _builder_version=&#8221;4.27.4&#8243; text_font=&#8221;||||||||&#8221; text_line_height=&#8221;2em&#8221; link_font=&#8221;||||on||||&#8221; link_text_color=&#8221;#000000&#8243; header_3_font=&#8221;|700||on|||||&#8221; header_3_font_size=&#8221;13px&#8221; header_3_letter_spacing=&#8221;1px&#8221; header_3_line_height=&#8221;1.5em&#8221; header_4_font=&#8221;|700||on|||||&#8221; header_4_font_size=&#8221;13px&#8221; header_4_letter_spacing=&#8221;1px&#8221; header_4_line_height=&#8221;1.5em&#8221; max_width=&#8221;800px&#8221; text_line_height_tablet=&#8221;&#8221; text_line_height_phone=&#8221;1.6em&#8221; text_line_height_last_edited=&#8221;on|phone&#8221; header_3_font_size_tablet=&#8221;16px&#8221; header_3_font_size_phone=&#8221;14px&#8221; header_3_font_size_last_edited=&#8221;off|desktop&#8221; header_4_font_size_tablet=&#8221;16px&#8221; header_4_font_size_phone=&#8221;14px&#8221; header_4_font_size_last_edited=&#8221;off|desktop&#8221; locked=&#8221;off&#8221; global_colors_info=&#8221;{}&#8221;]<\/p>\n<h3>Radno vrijeme:<\/h3>\n<p><strong>Uprava:<\/strong><br \/>Ponedjeljak &#8211; Petak: 07:00h &#8211; 15:00h<\/p>\n<p><strong>Odjeljenja za djecu i odrasle:<\/strong><br \/>Ponedjeljak &#8211; Petak: 07:00h &#8211; 20:00h<br \/>Subota: 07:00h &#8211; 14:30h<\/p>\n<p>&nbsp;<\/p>\n<p>[\/et_pb_text][\/et_pb_column][et_pb_column type=&#8221;1_4&#8243; _builder_version=&#8221;4.16&#8243; global_colors_info=&#8221;{}&#8221;][et_pb_text _builder_version=&#8221;4.27.4&#8243; text_font=&#8221;||||||||&#8221; text_line_height=&#8221;2em&#8221; link_font=&#8221;||||on||||&#8221; link_text_color=&#8221;#000000&#8243; header_3_font=&#8221;|700||on|||||&#8221; header_3_font_size=&#8221;13px&#8221; header_3_letter_spacing=&#8221;1px&#8221; header_3_line_height=&#8221;1.5em&#8221; header_4_font=&#8221;|700||on|||||&#8221; header_4_font_size=&#8221;13px&#8221; header_4_letter_spacing=&#8221;1px&#8221; header_4_line_height=&#8221;1.5em&#8221; max_width=&#8221;800px&#8221; text_line_height_tablet=&#8221;&#8221; text_line_height_phone=&#8221;1.6em&#8221; text_line_height_last_edited=&#8221;on|phone&#8221; header_3_font_size_tablet=&#8221;16px&#8221; header_3_font_size_phone=&#8221;14px&#8221; header_3_font_size_last_edited=&#8221;off|desktop&#8221; header_4_font_size_tablet=&#8221;16px&#8221; header_4_font_size_phone=&#8221;14px&#8221; header_4_font_size_last_edited=&#8221;off|desktop&#8221; locked=&#8221;off&#8221; global_colors_info=&#8221;{}&#8221;]<\/p>\n<h3>Kontakt:<\/h3>\n<p>+38240225222<br \/><a href=\"mailto:info@divilibrary.com\">njegosbiblioteka@t-com.me<\/a><\/p>\n<p>[\/et_pb_text][\/et_pb_column][et_pb_column type=&#8221;1_4&#8243; _builder_version=&#8221;4.16&#8243; global_colors_info=&#8221;{}&#8221;][et_pb_text _builder_version=&#8221;4.27.4&#8243; text_font=&#8221;||||||||&#8221; text_line_height=&#8221;2em&#8221; link_font=&#8221;||||on||||&#8221; link_text_color=&#8221;#000000&#8243; header_3_font=&#8221;|700||on|||||&#8221; header_3_font_size=&#8221;13px&#8221; header_3_letter_spacing=&#8221;1px&#8221; header_3_line_height=&#8221;1.5em&#8221; header_4_font=&#8221;|700||on|||||&#8221; header_4_font_size=&#8221;13px&#8221; header_4_letter_spacing=&#8221;1px&#8221; header_4_line_height=&#8221;1.5em&#8221; max_width=&#8221;800px&#8221; text_line_height_tablet=&#8221;&#8221; text_line_height_phone=&#8221;1.6em&#8221; text_line_height_last_edited=&#8221;on|phone&#8221; header_3_font_size_tablet=&#8221;16px&#8221; header_3_font_size_phone=&#8221;14px&#8221; header_3_font_size_last_edited=&#8221;off|desktop&#8221; header_4_font_size_tablet=&#8221;16px&#8221; header_4_font_size_phone=&#8221;14px&#8221; header_4_font_size_last_edited=&#8221;off|desktop&#8221; locked=&#8221;off&#8221; global_colors_info=&#8221;{}&#8221;]<\/p>\n<h3>Dru\u0161tvene mre\u017ee:<\/h3>\n<p>[\/et_pb_text][et_pb_social_media_follow _builder_version=&#8221;4.27.4&#8243; _module_preset=&#8221;default&#8221; global_colors_info=&#8221;{}&#8221;][et_pb_social_media_follow_network social_network=&#8221;facebook&#8221; url=&#8221;https:\/\/www.facebook.com\/p\/JU-Narodna-biblioteka-Njego%C5%A1-Nik%C5%A1i%C4%87-100064790163518\/&#8221; _builder_version=&#8221;4.27.4&#8243; _module_preset=&#8221;default&#8221; background_color=&#8221;#3b5998&#8243; global_colors_info=&#8221;{}&#8221; follow_button=&#8221;off&#8221; url_new_window=&#8221;on&#8221;]facebook[\/et_pb_social_media_follow_network][et_pb_social_media_follow_network social_network=&#8221;instagram&#8221; url=&#8221;https:\/\/www.instagram.com\/bibliotekanjegosnk\/&#8221; _builder_version=&#8221;4.27.4&#8243; _module_preset=&#8221;default&#8221; background_color=&#8221;#ea2c59&#8243; global_colors_info=&#8221;{}&#8221; follow_button=&#8221;off&#8221; url_new_window=&#8221;on&#8221;]instagram[\/et_pb_social_media_follow_network][et_pb_social_media_follow_network social_network=&#8221;youtube&#8221; url=&#8221;https:\/\/www.youtube.com\/@junarodnabibliotekanjegosn3580&#8243; _builder_version=&#8221;4.27.4&#8243; _module_preset=&#8221;default&#8221; background_color=&#8221;#a82400&#8243; global_colors_info=&#8221;{}&#8221; follow_button=&#8221;off&#8221; url_new_window=&#8221;on&#8221;]youtube[\/et_pb_social_media_follow_network][\/et_pb_social_media_follow][\/et_pb_column][\/et_pb_row][\/et_pb_section]<\/p>\n","protected":false},"excerpt":{"rendered":"<p>O namaNa\u0161a biblioteka je savremena kulturna ustanova posve\u0107ena znanju, obrazovanju i njegovanju \u010ditala\u010dke kulture. Svojim korisnicima nudimo bogat fond knjiga, periodike, kao i raznovrstan program obrazovnih i kulturnih aktivnosti. Pored osnovne bibliote\u010dke delatnosti, kontinuirano radimo na modernizaciji usluga, unapre\u0111enju prostora i uvo\u0111enju inovativnih tehnologija. Cilj nam je da biblioteka bude pristupa\u010dno, otvoreno i inspirativno mjesto [&hellip;]<\/p>\n","protected":false},"author":1,"featured_media":0,"parent":0,"menu_order":0,"comment_status":"closed","ping_status":"closed","template":"","meta":{"_et_pb_use_builder":"on","_et_pb_old_content":"<!-- wp:divi\/placeholder \/-->","_et_gb_content_width":"","footnotes":""},"class_list":["post-83","page","type-page","status-publish","hentry"],"_links":{"self":[{"href":"https:\/\/bibliotekank.me\/index.php?rest_route=\/wp\/v2\/pages\/83","targetHints":{"allow":["GET"]}}],"collection":[{"href":"https:\/\/bibliotekank.me\/index.php?rest_route=\/wp\/v2\/pages"}],"about":[{"href":"https:\/\/bibliotekank.me\/index.php?rest_route=\/wp\/v2\/types\/page"}],"author":[{"embeddable":true,"href":"https:\/\/bibliotekank.me\/index.php?rest_route=\/wp\/v2\/users\/1"}],"replies":[{"embeddable":true,"href":"https:\/\/bibliotekank.me\/index.php?rest_route=%2Fwp%2Fv2%2Fcomments&post=83"}],"version-history":[{"count":19,"href":"https:\/\/bibliotekank.me\/index.php?rest_route=\/wp\/v2\/pages\/83\/revisions"}],"predecessor-version":[{"id":442,"href":"https:\/\/bibliotekank.me\/index.php?rest_route=\/wp\/v2\/pages\/83\/revisions\/442"}],"wp:attachment":[{"href":"https:\/\/bibliotekank.me\/index.php?rest_route=%2Fwp%2Fv2%2Fmedia&parent=83"}],"curies":[{"name":"wp","href":"https:\/\/api.w.org\/{rel}","templated":true}]}}